{"id":3415,"date":"2021-02-11T19:42:05","date_gmt":"2021-02-11T18:42:05","guid":{"rendered":"http:\/\/mdrncmp.webd.pro\/mdkfortest\/?page_id=3415"},"modified":"2021-04-12T10:37:26","modified_gmt":"2021-04-12T08:37:26","slug":"zajecia-2020-2021","status":"publish","type":"page","link":"https:\/\/mdkoswiecim.pl\/index.php\/zajecia-2020-2021\/","title":{"rendered":"Zaj\u0119cia i rekrutacja"},"content":{"rendered":"<p>[vc_row][vc_column][vc_column_text]<\/p>\n<p style=\"text-align: center;\"><span style=\"font-size: 18pt; font-family: verdana, geneva, sans-serif;\"><strong>ZAJ\u0118CIA DLA UCZNI\u00d3W SZK\u00d3\u0141 PODSTAWOWYCH\u00a0<\/strong><\/span><\/p>\n<p style=\"text-align: center;\"><span style=\"font-size: 18pt; font-family: verdana, geneva, sans-serif;\"><strong>KLASY 1-6<\/strong><\/span><\/p>\n<p>[\/vc_column_text][vc_single_image image=&#8221;3416&#8243; img_size=&#8221;large&#8221; alignment=&#8221;center&#8221;][\/vc_column][\/vc_row][vc_row][vc_column][vc_column_text]<\/p>\n<p style=\"text-align: center;\"><span style=\"font-size: 18pt; font-family: verdana, geneva, sans-serif;\"><strong>ZAJ\u0118CIA DLA UCZNI\u00d3W KLAS 7-8<\/strong><\/span><\/p>\n<p style=\"text-align: center;\"><span style=\"font-size: 18pt; font-family: verdana, geneva, sans-serif;\"><strong>ORAZ UCZNI\u00d3W SZK\u00d3\u0141 \u015aREDNICH<\/strong><\/span><\/p>\n<p>[\/vc_column_text][vc_single_image image=&#8221;3420&#8243; img_size=&#8221;large&#8221; alignment=&#8221;center&#8221;][\/vc_column][\/vc_row]<\/p>\n","protected":false},"excerpt":{"rendered":"<p>[vc_row][vc_column][vc_column_text] ZAJ\u0118CIA DLA UCZNI\u00d3W SZK\u00d3\u0141 PODSTAWOWYCH\u00a0 KLASY 1-6 [\/vc_column_text][vc_single_image image=&#8221;3416&#8243; img_size=&#8221;large&#8221; alignment=&#8221;center&#8221;][\/vc_column][\/vc_row][vc_row][vc_column][vc_column_text] ZAJ\u0118CIA DLA UCZNI\u00d3W KLAS 7-8 ORAZ UCZNI\u00d3W SZK\u00d3\u0141 \u015aREDNICH [\/vc_column_text][vc_single_image image=&#8221;3420&#8243; img_size=&#8221;large&#8221; alignment=&#8221;center&#8221;][\/vc_column][\/vc_row]<\/p>\n","protected":false},"author":1,"featured_media":0,"parent":0,"menu_order":0,"comment_status":"closed","ping_status":"closed","template":"","meta":{"footnotes":""},"class_list":["post-3415","page","type-page","status-publish","hentry"],"yoast_head":"<!-- This site is optimized with the Yoast SEO plugin v16.1.1 - https:\/\/yoast.com\/wordpress\/plugins\/seo\/ -->\n<title>Zaj\u0119cia i rekrutacja - MDK<\/title>\n<link rel=\"canonical\" href=\"https:\/\/mdkoswiecim.pl\/index.php\/zajecia-2020-2021\/\" \/>\n<meta property=\"og:locale\" content=\"pl_PL\" \/>\n<meta property=\"og:type\" content=\"article\" \/>\n<meta property=\"og:title\" content=\"Zaj\u0119cia i rekrutacja - MDK\" \/>\n<meta property=\"og:description\" content=\"[vc_row][vc_column][vc_column_text] ZAJ\u0118CIA DLA UCZNI\u00d3W SZK\u00d3\u0141 PODSTAWOWYCH\u00a0 KLASY 1-6 [\/vc_column_text][vc_single_image image=&#8221;3416&#8243; img_size=&#8221;large&#8221; alignment=&#8221;center&#8221;][\/vc_column][\/vc_row][vc_row][vc_column][vc_column_text] ZAJ\u0118CIA DLA UCZNI\u00d3W KLAS 7-8 ORAZ UCZNI\u00d3W SZK\u00d3\u0141 \u015aREDNICH [\/vc_column_text][vc_single_image image=&#8221;3420&#8243; img_size=&#8221;large&#8221; alignment=&#8221;center&#8221;][\/vc_column][\/vc_row]\" \/>\n<meta property=\"og:url\" content=\"https:\/\/mdkoswiecim.pl\/index.php\/zajecia-2020-2021\/\" \/>\n<meta property=\"og:site_name\" content=\"MDK\" \/>\n<meta property=\"article:modified_time\" content=\"2021-04-12T08:37:26+00:00\" \/>\n<meta name=\"twitter:card\" content=\"summary_large_image\" \/>\n<script type=\"application\/ld+json\" class=\"yoast-schema-graph\">{\"@context\":\"https:\/\/schema.org\",\"@graph\":[{\"@type\":\"WebSite\",\"@id\":\"https:\/\/mdkoswiecim.pl\/#website\",\"url\":\"https:\/\/mdkoswiecim.pl\/\",\"name\":\"MDK\",\"description\":\"M\\u0142odzie\\u017cowy Dom Kultury w O\\u015bwi\\u0119cimiu\",\"potentialAction\":[{\"@type\":\"SearchAction\",\"target\":\"https:\/\/mdkoswiecim.pl\/?s={search_term_string}\",\"query-input\":\"required name=search_term_string\"}],\"inLanguage\":\"pl-PL\"},{\"@type\":\"WebPage\",\"@id\":\"https:\/\/mdkoswiecim.pl\/index.php\/zajecia-2020-2021\/#webpage\",\"url\":\"https:\/\/mdkoswiecim.pl\/index.php\/zajecia-2020-2021\/\",\"name\":\"Zaj\\u0119cia i rekrutacja - MDK\",\"isPartOf\":{\"@id\":\"https:\/\/mdkoswiecim.pl\/#website\"},\"datePublished\":\"2021-02-11T18:42:05+00:00\",\"dateModified\":\"2021-04-12T08:37:26+00:00\",\"breadcrumb\":{\"@id\":\"https:\/\/mdkoswiecim.pl\/index.php\/zajecia-2020-2021\/#breadcrumb\"},\"inLanguage\":\"pl-PL\",\"potentialAction\":[{\"@type\":\"ReadAction\",\"target\":[\"https:\/\/mdkoswiecim.pl\/index.php\/zajecia-2020-2021\/\"]}]},{\"@type\":\"BreadcrumbList\",\"@id\":\"https:\/\/mdkoswiecim.pl\/index.php\/zajecia-2020-2021\/#breadcrumb\",\"itemListElement\":[{\"@type\":\"ListItem\",\"position\":1,\"item\":{\"@type\":\"WebPage\",\"@id\":\"https:\/\/mdkoswiecim.pl\/\",\"url\":\"https:\/\/mdkoswiecim.pl\/\",\"name\":\"Strona g\\u0142\\u00f3wna\"}},{\"@type\":\"ListItem\",\"position\":2,\"item\":{\"@type\":\"WebPage\",\"@id\":\"https:\/\/mdkoswiecim.pl\/index.php\/zajecia-2020-2021\/\",\"url\":\"https:\/\/mdkoswiecim.pl\/index.php\/zajecia-2020-2021\/\",\"name\":\"Zaj\\u0119cia i rekrutacja\"}}]}]}<\/script>\n<!-- \/ Yoast SEO plugin. -->","_links":{"self":[{"href":"https:\/\/mdkoswiecim.pl\/index.php\/wp-json\/wp\/v2\/pages\/3415","targetHints":{"allow":["GET"]}}],"collection":[{"href":"https:\/\/mdkoswiecim.pl\/index.php\/wp-json\/wp\/v2\/pages"}],"about":[{"href":"https:\/\/mdkoswiecim.pl\/index.php\/wp-json\/wp\/v2\/types\/page"}],"author":[{"embeddable":true,"href":"https:\/\/mdkoswiecim.pl\/index.php\/wp-json\/wp\/v2\/users\/1"}],"replies":[{"embeddable":true,"href":"https:\/\/mdkoswiecim.pl\/index.php\/wp-json\/wp\/v2\/comments?post=3415"}],"version-history":[{"count":5,"href":"https:\/\/mdkoswiecim.pl\/index.php\/wp-json\/wp\/v2\/pages\/3415\/revisions"}],"predecessor-version":[{"id":13733,"href":"https:\/\/mdkoswiecim.pl\/index.php\/wp-json\/wp\/v2\/pages\/3415\/revisions\/13733"}],"wp:attachment":[{"href":"https:\/\/mdkoswiecim.pl\/index.php\/wp-json\/wp\/v2\/media?parent=3415"}],"curies":[{"name":"wp","href":"https:\/\/api.w.org\/{rel}","templated":true}]}}