{"id":3389,"date":"2021-02-05T20:37:47","date_gmt":"2021-02-05T19:37:47","guid":{"rendered":"http:\/\/mdrncmp.webd.pro\/mdkfortest\/?page_id=3389"},"modified":"2026-04-29T13:56:19","modified_gmt":"2026-04-29T11:56:19","slug":"nieobecnosci-nauczycieli","status":"publish","type":"page","link":"https:\/\/mdkoswiecim.pl\/index.php\/nieobecnosci-nauczycieli\/","title":{"rendered":"Nieobecno\u015bci nauczycieli"},"content":{"rendered":"<p><span style=\"font-size: 14pt;\"><strong>ROK SZKOLNY 2025\/2026<\/strong><\/span><\/p>\n<table style=\"border-collapse: collapse; width: 66.2651%;\">\n<tbody>\n<tr>\n<td style=\"width: 21.4859%;\"><strong>IMI\u0118 I NAZWISKO NAUCZYCIELA<\/strong><\/td>\n<td style=\"width: 15.8635%;\"><strong>DATA<\/strong><\/td>\n<td style=\"width: 17.7711%;\"><strong>RODZAJ ZAJ\u0118\u0106<\/strong><\/td>\n<td style=\"width: 11.1446%;\"><strong>STATUS ZAJ\u0118\u0106<\/strong><\/td>\n<\/tr>\n<tr>\n<td style=\"width: 21.4859%;\">Janusz Majcherek<\/td>\n<td style=\"width: 15.8635%;\">30.04.2026<\/td>\n<td style=\"width: 17.7711%;\">Gra na Gitarze<\/td>\n<td style=\"width: 11.1446%;\">Odwo\u0142ane<\/td>\n<\/tr>\n<tr>\n<td style=\"width: 21.4859%;\">Kamila Sibik<\/td>\n<td style=\"width: 15.8635%;\">30.04.2026<\/td>\n<td style=\"width: 17.7711%;\">Gra na Gitarze<\/td>\n<td style=\"width: 11.1446%;\">Odwo\u0142ane<\/td>\n<\/tr>\n<tr>\n<td style=\"width: 21.4859%;\">Alina Kwarciak<\/td>\n<td style=\"width: 15.8635%;\">30.04.2026<\/td>\n<td style=\"width: 17.7711%;\">Gry Logiczne<\/td>\n<td style=\"width: 11.1446%;\">Odwo\u0142ane<\/td>\n<\/tr>\n<tr>\n<td style=\"width: 21.4859%;\">Ma\u0142gorzata Dom\u017ca\u0142<\/td>\n<td style=\"width: 15.8635%;\">29.04.2026<\/td>\n<td style=\"width: 17.7711%;\">Plastyka<\/td>\n<td style=\"width: 11.1446%;\">Odwo\u0142ane<\/td>\n<\/tr>\n<tr>\n<td style=\"width: 21.4859%;\">Janusz Majcherek<\/td>\n<td style=\"width: 15.8635%;\">13.04.2026<\/td>\n<td style=\"width: 17.7711%;\">Gra na gitarze Rajsko, Brzeszcze<\/td>\n<td style=\"width: 11.1446%;\">Odwo\u0142ane<\/td>\n<\/tr>\n<tr>\n<td style=\"width: 21.4859%;\">\u017baneta P\u0142onka<\/td>\n<td style=\"width: 15.8635%;\">26.03.2026r.<\/td>\n<td style=\"width: 17.7711%;\">Cheerleaderki<\/td>\n<td style=\"width: 11.1446%;\">Odwo\u0142ane<\/td>\n<\/tr>\n<tr>\n<td style=\"width: 21.4859%;\">Agnieszka Kobielusz<\/td>\n<td style=\"width: 15.8635%;\">11.03 &#8211; 25.03 2026r.<\/td>\n<td style=\"width: 17.7711%;\">Ceramika , Projektowanie mody<\/td>\n<td style=\"width: 11.1446%;\">Odwo\u0142ane<\/td>\n<\/tr>\n<tr>\n<td style=\"width: 21.4859%;\">Alina Kwarciak<\/td>\n<td style=\"width: 15.8635%;\">12.03 i 19.03 2026r.<\/td>\n<td style=\"width: 17.7711%;\">Gry Logiczne<\/td>\n<td style=\"width: 11.1446%;\">Odwo\u0142ane<\/td>\n<\/tr>\n<tr>\n<td style=\"width: 21.4859%;\">\u017baneta P\u0142onka<\/td>\n<td style=\"width: 15.8635%;\">9.03 oraz 12.03. 2026<\/td>\n<td style=\"width: 17.7711%;\">Cheerleaderki<\/td>\n<td style=\"width: 11.1446%;\">Odwo\u0142ane<\/td>\n<\/tr>\n<tr>\n<td style=\"width: 21.4859%;\">Agnieszka Kobielusz<\/td>\n<td style=\"width: 15.8635%;\">4 &#8211; 5 03. 2026<\/td>\n<td style=\"width: 17.7711%;\">Ceramika, Projektowanie Mody<\/td>\n<td style=\"width: 11.1446%;\">Odwo\u0142ane<\/td>\n<\/tr>\n<tr>\n<td style=\"width: 21.4859%;\">Ma\u0142gorzata Dom\u017ca\u0142<\/td>\n<td style=\"width: 15.8635%;\">24.02.2026<\/td>\n<td style=\"width: 17.7711%;\">Plastyka<\/td>\n<td style=\"width: 11.1446%;\">Odwo\u0142ane<\/td>\n<\/tr>\n<tr>\n<td style=\"width: 21.4859%;\">Ma\u0142gorzata Dom\u017ca\u0142<\/td>\n<td style=\"width: 15.8635%;\">16 &#8211; 20 02.2026<\/td>\n<td style=\"width: 17.7711%;\">Plastyka, Plastyczne Formy Przestrzenne<\/td>\n<td style=\"width: 11.1446%;\">Odwo\u0142ane<\/td>\n<\/tr>\n<tr>\n<td style=\"width: 21.4859%;\">Ma\u0142gorzata Dom\u017ca\u0142<\/td>\n<td style=\"width: 15.8635%;\">9 &#8211; 12.02.2026<\/td>\n<td style=\"width: 17.7711%;\">Plastyka,\u00a0 \u00a0 \u00a0 \u00a0 \u00a0 \u00a0 \u00a0 \u00a0 \u00a0 \u00a0 \u00a0 \u00a0 \u00a0 Plastyczne Formy Przestrzenne<\/td>\n<td style=\"width: 11.1446%;\">Odwo\u0142ane<\/td>\n<\/tr>\n<tr>\n<td style=\"width: 21.4859%;\">Anetta Sanak<\/td>\n<td style=\"width: 15.8635%;\">29.01.2026<\/td>\n<td style=\"width: 17.7711%;\">Plastyka (Bobrek)R\u0119kodzie\u0142o artystyczne<\/td>\n<td style=\"width: 11.1446%;\">Odwo\u0142ane<\/td>\n<\/tr>\n<tr>\n<td style=\"width: 21.4859%;\">\u017baneta P\u0142onka<\/td>\n<td style=\"width: 15.8635%;\">29.01.2026<\/td>\n<td style=\"width: 17.7711%;\">Cheerleaderki<\/td>\n<td style=\"width: 11.1446%;\">Odwo\u0142ane<\/td>\n<\/tr>\n<tr>\n<td style=\"width: 21.4859%;\">Janusz Majcherek<\/td>\n<td style=\"width: 15.8635%;\">28.01.2026<\/td>\n<td style=\"width: 17.7711%;\">Gra na gitarze,Zesp\u00f3\u0142 muzyczny<\/td>\n<td style=\"width: 11.1446%;\">Odwo\u0142ane<\/td>\n<\/tr>\n<tr>\n<td style=\"width: 21.4859%;\">Tomasz Kantyka<\/td>\n<td style=\"width: 15.8635%;\">27.01 &#8211; 30.01.2026<\/td>\n<td style=\"width: 17.7711%;\">Szachy, Badminton<\/td>\n<td style=\"width: 11.1446%;\">Odwo\u0142ane<\/td>\n<\/tr>\n<tr>\n<td style=\"width: 21.4859%;\">El\u017cbieta Wardza\u0142a-Sere\u015b<\/td>\n<td style=\"width: 15.8635%;\">28.01.2026<\/td>\n<td style=\"width: 17.7711%;\">Plastyka<\/td>\n<td style=\"width: 11.1446%;\">Odwo\u0142ane<\/td>\n<\/tr>\n<tr>\n<td style=\"width: 21.4859%;\">Anna Chodacka<\/td>\n<td style=\"width: 15.8635%;\">29.01.2026<\/td>\n<td style=\"width: 17.7711%;\">Zaj\u0119cia teatralne<\/td>\n<td style=\"width: 11.1446%;\">Odwo\u0142ane<\/td>\n<\/tr>\n<tr>\n<td style=\"width: 21.4859%;\">Agnieszka Kobielusz<\/td>\n<td style=\"width: 15.8635%;\">22.10.2026<\/td>\n<td style=\"width: 17.7711%;\">Projektowanie mody<\/td>\n<td style=\"width: 11.1446%;\">Odwo\u0142ane<\/td>\n<\/tr>\n<tr>\n<td style=\"width: 21.4859%;\">Kamila Sibik<\/td>\n<td style=\"width: 15.8635%;\">16.01.- 31.01.2026<\/td>\n<td style=\"width: 17.7711%;\">Gra na gitarze, Ukulele, Keyboard, \u015apiew<\/td>\n<td style=\"width: 11.1446%;\">Odwo\u0142ane<\/td>\n<\/tr>\n<tr>\n<td style=\"width: 21.4859%;\">Kamila Sibik<\/td>\n<td style=\"width: 15.8635%;\">15.01.2026<\/td>\n<td style=\"width: 17.7711%;\">Gra na gitarze<\/td>\n<td style=\"width: 11.1446%;\">Odwo\u0142ane<\/td>\n<\/tr>\n<tr>\n<td style=\"width: 21.4859%;\">Janusz Majcherek<\/td>\n<td style=\"width: 15.8635%;\">15.01.2026<\/td>\n<td style=\"width: 17.7711%;\">Gra na gitarze, Zesp\u00f3\u0142 muzyczny<\/td>\n<td style=\"width: 11.1446%;\">Odwo\u0142ane<\/td>\n<\/tr>\n<tr>\n<td style=\"width: 21.4859%;\">Anetta Sanak<\/td>\n<td style=\"width: 15.8635%;\">15.01.2026<\/td>\n<td style=\"width: 17.7711%;\">Plastyka, R\u0119kodzie\u0142o artystyczne<\/td>\n<td style=\"width: 11.1446%;\">Odwo\u0142ane<\/td>\n<\/tr>\n<tr>\n<td style=\"width: 21.4859%;\">Anetta Sanak<\/td>\n<td style=\"width: 15.8635%;\">08.01 &#8211; 13.01.2026<\/td>\n<td style=\"width: 17.7711%;\">Plastyka (Rajsko), R\u0119kodzie\u0142o artystyczne, R\u0119kodzie\u0142o<\/td>\n<td style=\"width: 11.1446%;\">Odwo\u0142ane<\/td>\n<\/tr>\n<tr>\n<td style=\"width: 21.4859%;\">El\u017cbieta Wardza\u0142a-Sere\u015b<\/td>\n<td style=\"width: 15.8635%;\">15.12.2025 r.16.12.2025 r.17.12.2025 r.18.12.2025 r.<\/td>\n<td style=\"width: 17.7711%;\">RysunekGrafikaPlastykaMalarstwo<\/td>\n<td style=\"width: 11.1446%;\">odwo\u0142aneodwo\u0142aneodwo\u0142aneodwo\u0142ane<\/td>\n<\/tr>\n<tr>\n<td style=\"width: 21.4859%;\">Ma\u0142gorzata Dom\u017ca\u0142<\/td>\n<td style=\"width: 15.8635%;\">15 -18.12. 2025r.<\/td>\n<td style=\"width: 17.7711%;\">Plastyka, Przestrzenne formy plastyczne<\/td>\n<td style=\"width: 11.1446%;\">Odwo\u0142ane<\/td>\n<\/tr>\n<tr>\n<td style=\"width: 21.4859%;\">Alina Kwarciak<\/td>\n<td style=\"width: 15.8635%;\">11.12.2025r.<\/td>\n<td style=\"width: 17.7711%;\">Gry logiczne<\/td>\n<td style=\"width: 11.1446%;\">Odwo\u0142ane<\/td>\n<\/tr>\n<tr>\n<td style=\"width: 21.4859%;\">Janusz Majcherek<\/td>\n<td style=\"width: 15.8635%;\">11.12.2025r.<\/td>\n<td style=\"width: 17.7711%;\">Gra na gitarze, Zesp\u00f3\u0142 muzyczny<\/td>\n<td style=\"width: 11.1446%;\">Odwo\u0142ane<\/td>\n<\/tr>\n<tr>\n<td style=\"width: 21.4859%;\">Agnieszka Kobielusz<\/td>\n<td style=\"width: 15.8635%;\">11.12.2025r.<\/td>\n<td style=\"width: 17.7711%;\">Projektowanie mody<\/td>\n<td style=\"width: 11.1446%;\">Odwo\u0142ane<\/td>\n<\/tr>\n<tr>\n<td style=\"width: 21.4859%;\">Anetta Sanak<\/td>\n<td style=\"width: 15.8635%;\">04.12.2025 r.<\/td>\n<td style=\"width: 17.7711%;\">Plastyka (Rajsko), Rekodzie\u0142o artystyczne<\/td>\n<td style=\"width: 11.1446%;\">Odwo\u0142ane<\/td>\n<\/tr>\n<tr>\n<td style=\"width: 21.4859%;\">Agnieszka Kobielusz<\/td>\n<td style=\"width: 15.8635%;\">27.11.2025<\/td>\n<td style=\"width: 17.7711%;\">Ceramika<\/td>\n<td style=\"width: 11.1446%;\">Odwo\u0142ane<\/td>\n<\/tr>\n<tr>\n<td style=\"width: 21.4859%;\">Anetta Sanak<\/td>\n<td style=\"width: 15.8635%;\">27.11 &#8211; 03.12.2025<\/td>\n<td style=\"width: 17.7711%;\">R\u0119kodzie\u0142o, Plastyka, R\u0119kodzie\u0142o artystyczne<\/td>\n<td style=\"width: 11.1446%;\">Odwo\u0142ane<\/td>\n<\/tr>\n<tr>\n<td style=\"width: 21.4859%;\">Kamila Sibik<\/td>\n<td style=\"width: 15.8635%;\">20.11.2025<\/td>\n<td style=\"width: 17.7711%;\">Gra na gitarze<\/td>\n<td style=\"width: 11.1446%;\">Odwo\u0142ane<\/td>\n<\/tr>\n<tr>\n<td style=\"width: 21.4859%;\">Janusz Majcherek<\/td>\n<td style=\"width: 15.8635%;\">20.11.2025<\/td>\n<td style=\"width: 17.7711%;\">Gra na gitarze, zesp\u00f3\u0142 muzyczny<\/td>\n<td style=\"width: 11.1446%;\">Odwo\u0142ane<\/td>\n<\/tr>\n<tr>\n<td style=\"width: 21.4859%;\">Agnieszka Kobielusz<\/td>\n<td style=\"width: 15.8635%;\">17.11.2025<\/td>\n<td style=\"width: 17.7711%;\">Ceramika<\/td>\n<td style=\"width: 11.1446%;\">Odwo\u0142ane<\/td>\n<\/tr>\n<tr>\n<td style=\"width: 21.4859%;\">Ma\u0142gorzata Dom\u017ca\u0142<\/td>\n<td style=\"width: 15.8635%;\">12.11.2025 r.<\/td>\n<td style=\"width: 17.7711%;\">Plastyka<\/td>\n<td style=\"width: 11.1446%;\">Odwo\u0142ane<\/td>\n<\/tr>\n<tr>\n<td style=\"width: 21.4859%;\">Janusz Majcherek<\/td>\n<td style=\"width: 15.8635%;\">12.11.2025<\/td>\n<td style=\"width: 17.7711%;\">Gra na gitarze<\/td>\n<td style=\"width: 11.1446%;\">Odwo\u0142ane<\/td>\n<\/tr>\n<tr>\n<td style=\"width: 21.4859%;\">Kamila Sibik<\/td>\n<td style=\"width: 15.8635%;\">12.11.2025<\/td>\n<td style=\"width: 17.7711%;\">\u015apiew, Keyboard<\/td>\n<td style=\"width: 11.1446%;\">Odwo\u0142ane<\/td>\n<\/tr>\n<tr>\n<td style=\"width: 21.4859%;\">El\u017cbieta Wardza\u0142a-Sere\u015b<\/td>\n<td style=\"width: 15.8635%;\">12.11.2025<\/td>\n<td style=\"width: 17.7711%;\">Plastyka<\/td>\n<td style=\"width: 11.1446%;\">Odwo\u0142ane<\/td>\n<\/tr>\n<tr>\n<td style=\"width: 21.4859%;\">Agnieszka Kobielusz<\/td>\n<td style=\"width: 15.8635%;\">10.11.2025<\/td>\n<td style=\"width: 17.7711%;\">Ceramika<\/td>\n<td style=\"width: 11.1446%;\">Odwo\u0142ane<\/td>\n<\/tr>\n<tr>\n<td style=\"width: 21.4859%;\">Janusz Majcherek<\/td>\n<td style=\"width: 15.8635%;\">3.11.2025<\/td>\n<td style=\"width: 17.7711%;\">Gra na gitarze<\/td>\n<td style=\"width: 11.1446%;\">Odwo\u0142ane<\/td>\n<\/tr>\n<tr>\n<td style=\"width: 21.4859%;\">Kamila Sibik<\/td>\n<td style=\"width: 15.8635%;\">7.11.2025<\/td>\n<td style=\"width: 17.7711%;\">Ukulele, Gra na gitarze<\/td>\n<td style=\"width: 11.1446%;\">Odwo\u0142ane<\/td>\n<\/tr>\n<tr>\n<td style=\"width: 21.4859%;\">Kamila Sibik<\/td>\n<td style=\"width: 15.8635%;\">5.11.2025<\/td>\n<td style=\"width: 17.7711%;\">\u015apiew, Keyboard<\/td>\n<td style=\"width: 11.1446%;\">Odwo\u0142ane<\/td>\n<\/tr>\n<tr>\n<td style=\"width: 21.4859%;\">Kamila Sibik<\/td>\n<td style=\"width: 15.8635%;\">3.11. 2025<\/td>\n<td style=\"width: 17.7711%;\">Gra na gitarze,<\/td>\n<td style=\"width: 11.1446%;\">Odwo\u0142ane<\/td>\n<\/tr>\n<tr>\n<td style=\"width: 21.4859%;\">Anetta Sanak<\/td>\n<td style=\"width: 15.8635%;\">30.10.2025<\/td>\n<td style=\"width: 17.7711%;\">Plastyka, R\u0119kodzie\u0142o artystyczne<\/td>\n<td style=\"width: 11.1446%;\">Odwo\u0142ane<\/td>\n<\/tr>\n<tr>\n<td style=\"width: 21.4859%;\">Kamila Sibik<\/td>\n<td style=\"width: 15.8635%;\">27-28.10.2025<\/td>\n<td style=\"width: 17.7711%;\">Gra na gitarze<\/td>\n<td style=\"width: 11.1446%;\">Odwo\u0142ane<\/td>\n<\/tr>\n<tr>\n<td style=\"width: 21.4859%;\">Janusz Majcherek<\/td>\n<td style=\"width: 15.8635%;\">27-28.10.2025<\/td>\n<td style=\"width: 17.7711%;\">Gra na gitarze<\/td>\n<td style=\"width: 11.1446%;\">Odwo\u0142ane<\/td>\n<\/tr>\n<tr>\n<td style=\"width: 21.4859%;\">Kamila Sibik<\/td>\n<td style=\"width: 15.8635%;\">22.10.2025<\/td>\n<td style=\"width: 17.7711%;\">\u015apiew, Keyboard<\/td>\n<td style=\"width: 11.1446%;\">Odwo\u0142ane<\/td>\n<\/tr>\n<tr>\n<td style=\"width: 21.4859%;\">Agnieszka Kobielusz<\/td>\n<td style=\"width: 15.8635%;\">22.10.2025<\/td>\n<td style=\"width: 17.7711%;\">ceramika<\/td>\n<td style=\"width: 11.1446%;\">Odwo\u0142ane<\/td>\n<\/tr>\n<tr>\n<td style=\"width: 21.4859%;\">Ma\u0142gorzata Dom\u017ca\u0142<\/td>\n<td style=\"width: 15.8635%;\">1-8.10.2025<\/td>\n<td style=\"width: 17.7711%;\">plastyka, plastyczne formy przestrzenne<\/td>\n<td style=\"width: 11.1446%;\">Odwo\u0142ane<\/td>\n<\/tr>\n<tr>\n<td style=\"width: 21.4859%;\">Kamila Sibik<\/td>\n<td style=\"width: 15.8635%;\">7.10.2025<\/td>\n<td style=\"width: 17.7711%;\">Gra na gitarze<\/td>\n<td style=\"width: 11.1446%;\">Odwo\u0142ane<\/td>\n<\/tr>\n<tr>\n<td style=\"width: 21.4859%;\">El\u017cbieta Wardza\u0142a-Sere\u015b<\/td>\n<td style=\"width: 15.8635%;\">6-9.10.2025<\/td>\n<td style=\"width: 17.7711%;\">grafika, plastyka, rysunek, malarstwo<\/td>\n<td style=\"width: 11.1446%;\">odwo\u0142ane<\/td>\n<\/tr>\n<tr>\n<td style=\"width: 21.4859%;\">Janusz Majcherek<\/td>\n<td style=\"width: 15.8635%;\">29.09. &#8211; 10.10.2025<\/td>\n<td style=\"width: 17.7711%;\">Gra na gitarzeZesp\u00f3\u0142 muzyczny<\/td>\n<td style=\"width: 11.1446%;\">Odwo\u0142ane<\/td>\n<\/tr>\n<tr>\n<td style=\"width: 21.4859%;\">Anna Chodacka<\/td>\n<td style=\"width: 15.8635%;\">18.09.2025<\/td>\n<td style=\"width: 17.7711%;\">Zaj\u0119cia teatralne<\/td>\n<td style=\"width: 11.1446%;\">Odwo\u0142ane<\/td>\n<\/tr>\n<tr>\n<td style=\"width: 21.4859%;\"><\/td>\n<td style=\"width: 15.8635%;\"><\/td>\n<td style=\"width: 17.7711%;\"><\/td>\n<td style=\"width: 11.1446%;\"><\/td>\n<\/tr>\n<\/tbody>\n<\/table>\n","protected":false},"excerpt":{"rendered":"<p>ROK SZKOLNY 2025\/2026 IMI\u0118 I NAZWISKO NAUCZYCIELA DATA RODZAJ ZAJ\u0118\u0106 STATUS ZAJ\u0118\u0106 Janusz Majcherek 30.04.2026 Gra na Gitarze Odwo\u0142ane Kamila Sibik 30.04.2026 Gra na Gitarze Odwo\u0142ane Alina Kwarciak 30.04.2026 Gry Logiczne Odwo\u0142ane Ma\u0142gorzata Dom\u017ca\u0142 29.04.2026 Plastyka Odwo\u0142ane Janusz Majcherek 13.04.2026 Gra na gitarze Rajsko, Brzeszcze Odwo\u0142ane \u017baneta P\u0142onka 26.03.2026r. Cheerleaderki Odwo\u0142ane Agnieszka Kobielusz 11.03 &#8211; [&hellip;]<\/p>\n","protected":false},"author":1,"featured_media":0,"parent":0,"menu_order":0,"comment_status":"closed","ping_status":"closed","template":"","meta":{"footnotes":""},"class_list":["post-3389","page","type-page","status-publish","hentry"],"yoast_head":"<!-- This site is optimized with the Yoast SEO plugin v16.1.1 - https:\/\/yoast.com\/wordpress\/plugins\/seo\/ -->\n<title>Nieobecno\u015bci nauczycieli - MDK<\/title>\n<link rel=\"canonical\" href=\"https:\/\/mdkoswiecim.pl\/index.php\/nieobecnosci-nauczycieli\/\" \/>\n<meta property=\"og:locale\" content=\"pl_PL\" \/>\n<meta property=\"og:type\" content=\"article\" \/>\n<meta property=\"og:title\" content=\"Nieobecno\u015bci nauczycieli - MDK\" \/>\n<meta property=\"og:description\" content=\"ROK SZKOLNY 2025\/2026 IMI\u0118 I NAZWISKO NAUCZYCIELA DATA RODZAJ ZAJ\u0118\u0106 STATUS ZAJ\u0118\u0106 Janusz Majcherek 30.04.2026 Gra na Gitarze Odwo\u0142ane Kamila Sibik 30.04.2026 Gra na Gitarze Odwo\u0142ane Alina Kwarciak 30.04.2026 Gry Logiczne Odwo\u0142ane Ma\u0142gorzata Dom\u017ca\u0142 29.04.2026 Plastyka Odwo\u0142ane Janusz Majcherek 13.04.2026 Gra na gitarze Rajsko, Brzeszcze Odwo\u0142ane \u017baneta P\u0142onka 26.03.2026r. Cheerleaderki Odwo\u0142ane Agnieszka Kobielusz 11.03 &#8211; [&hellip;]\" \/>\n<meta property=\"og:url\" content=\"https:\/\/mdkoswiecim.pl\/index.php\/nieobecnosci-nauczycieli\/\" \/>\n<meta property=\"og:site_name\" content=\"MDK\" \/>\n<meta property=\"article:modified_time\" content=\"2026-04-29T11:56:19+00:00\" \/>\n<meta name=\"twitter:card\" content=\"summary_large_image\" \/>\n<meta name=\"twitter:label1\" content=\"Szacowany czas czytania\">\n\t<meta name=\"twitter:data1\" content=\"4 minuty\">\n<script type=\"application\/ld+json\" class=\"yoast-schema-graph\">{\"@context\":\"https:\/\/schema.org\",\"@graph\":[{\"@type\":\"WebSite\",\"@id\":\"https:\/\/mdkoswiecim.pl\/#website\",\"url\":\"https:\/\/mdkoswiecim.pl\/\",\"name\":\"MDK\",\"description\":\"M\\u0142odzie\\u017cowy Dom Kultury w O\\u015bwi\\u0119cimiu\",\"potentialAction\":[{\"@type\":\"SearchAction\",\"target\":\"https:\/\/mdkoswiecim.pl\/?s={search_term_string}\",\"query-input\":\"required name=search_term_string\"}],\"inLanguage\":\"pl-PL\"},{\"@type\":\"WebPage\",\"@id\":\"https:\/\/mdkoswiecim.pl\/index.php\/nieobecnosci-nauczycieli\/#webpage\",\"url\":\"https:\/\/mdkoswiecim.pl\/index.php\/nieobecnosci-nauczycieli\/\",\"name\":\"Nieobecno\\u015bci nauczycieli - MDK\",\"isPartOf\":{\"@id\":\"https:\/\/mdkoswiecim.pl\/#website\"},\"datePublished\":\"2021-02-05T19:37:47+00:00\",\"dateModified\":\"2026-04-29T11:56:19+00:00\",\"breadcrumb\":{\"@id\":\"https:\/\/mdkoswiecim.pl\/index.php\/nieobecnosci-nauczycieli\/#breadcrumb\"},\"inLanguage\":\"pl-PL\",\"potentialAction\":[{\"@type\":\"ReadAction\",\"target\":[\"https:\/\/mdkoswiecim.pl\/index.php\/nieobecnosci-nauczycieli\/\"]}]},{\"@type\":\"BreadcrumbList\",\"@id\":\"https:\/\/mdkoswiecim.pl\/index.php\/nieobecnosci-nauczycieli\/#breadcrumb\",\"itemListElement\":[{\"@type\":\"ListItem\",\"position\":1,\"item\":{\"@type\":\"WebPage\",\"@id\":\"https:\/\/mdkoswiecim.pl\/\",\"url\":\"https:\/\/mdkoswiecim.pl\/\",\"name\":\"Strona g\\u0142\\u00f3wna\"}},{\"@type\":\"ListItem\",\"position\":2,\"item\":{\"@type\":\"WebPage\",\"@id\":\"https:\/\/mdkoswiecim.pl\/index.php\/nieobecnosci-nauczycieli\/\",\"url\":\"https:\/\/mdkoswiecim.pl\/index.php\/nieobecnosci-nauczycieli\/\",\"name\":\"Nieobecno\\u015bci nauczycieli\"}}]}]}<\/script>\n<!-- \/ Yoast SEO plugin. -->","_links":{"self":[{"href":"https:\/\/mdkoswiecim.pl\/index.php\/wp-json\/wp\/v2\/pages\/3389","targetHints":{"allow":["GET"]}}],"collection":[{"href":"https:\/\/mdkoswiecim.pl\/index.php\/wp-json\/wp\/v2\/pages"}],"about":[{"href":"https:\/\/mdkoswiecim.pl\/index.php\/wp-json\/wp\/v2\/types\/page"}],"author":[{"embeddable":true,"href":"https:\/\/mdkoswiecim.pl\/index.php\/wp-json\/wp\/v2\/users\/1"}],"replies":[{"embeddable":true,"href":"https:\/\/mdkoswiecim.pl\/index.php\/wp-json\/wp\/v2\/comments?post=3389"}],"version-history":[{"count":209,"href":"https:\/\/mdkoswiecim.pl\/index.php\/wp-json\/wp\/v2\/pages\/3389\/revisions"}],"predecessor-version":[{"id":27058,"href":"https:\/\/mdkoswiecim.pl\/index.php\/wp-json\/wp\/v2\/pages\/3389\/revisions\/27058"}],"wp:attachment":[{"href":"https:\/\/mdkoswiecim.pl\/index.php\/wp-json\/wp\/v2\/media?parent=3389"}],"curies":[{"name":"wp","href":"https:\/\/api.w.org\/{rel}","templated":true}]}}