{"version":"1.0","provider_name":"MDK","provider_url":"https:\/\/mdkoswiecim.pl","author_name":"janusz.majcherek","author_url":"https:\/\/mdkoswiecim.pl\/index.php\/author\/mdk-jm\/","title":"KREATYWNI w PZ6 w BRZESZCZACH - MDK","type":"rich","width":600,"height":338,"html":"<blockquote class=\"wp-embedded-content\" data-secret=\"4SNPIsVYbz\"><a href=\"https:\/\/mdkoswiecim.pl\/index.php\/2024\/02\/08\/kreatywni-w-pz6-w-brzeszczach\/\">KREATYWNI w PZ6 w BRZESZCZACH<\/a><\/blockquote><iframe sandbox=\"allow-scripts\" security=\"restricted\" src=\"https:\/\/mdkoswiecim.pl\/index.php\/2024\/02\/08\/kreatywni-w-pz6-w-brzeszczach\/embed\/#?secret=4SNPIsVYbz\" width=\"600\" height=\"338\" title=\"&#8222;KREATYWNI w PZ6 w BRZESZCZACH&#8221; &#8212; MDK\" data-secret=\"4SNPIsVYbz\" frameborder=\"0\" marginwidth=\"0\" marginheight=\"0\" scrolling=\"no\" class=\"wp-embedded-content\"><\/iframe><script type=\"text\/javascript\">\n\/* <![CDATA[ *\/\n\/*! This file is auto-generated *\/\n!function(d,l){\"use strict\";l.querySelector&&d.addEventListener&&\"undefined\"!=typeof URL&&(d.wp=d.wp||{},d.wp.receiveEmbedMessage||(d.wp.receiveEmbedMessage=function(e){var t=e.data;if((t||t.secret||t.message||t.value)&&!\/[^a-zA-Z0-9]\/.test(t.secret)){for(var s,r,n,a=l.querySelectorAll('iframe[data-secret=\"'+t.secret+'\"]'),o=l.querySelectorAll('blockquote[data-secret=\"'+t.secret+'\"]'),c=new RegExp(\"^https?:$\",\"i\"),i=0;i<o.length;i++)o[i].style.display=\"none\";for(i=0;i<a.length;i++)s=a[i],e.source===s.contentWindow&&(s.removeAttribute(\"style\"),\"height\"===t.message?(1e3<(r=parseInt(t.value,10))?r=1e3:~~r<200&&(r=200),s.height=r):\"link\"===t.message&&(r=new URL(s.getAttribute(\"src\")),n=new URL(t.value),c.test(n.protocol))&&n.host===r.host&&l.activeElement===s&&(d.top.location.href=t.value))}},d.addEventListener(\"message\",d.wp.receiveEmbedMessage,!1),l.addEventListener(\"DOMContentLoaded\",function(){for(var e,t,s=l.querySelectorAll(\"iframe.wp-embedded-content\"),r=0;r<s.length;r++)(t=(e=s[r]).getAttribute(\"data-secret\"))||(t=Math.random().toString(36).substring(2,12),e.src+=\"#?secret=\"+t,e.setAttribute(\"data-secret\",t)),e.contentWindow.postMessage({message:\"ready\",secret:t},\"*\")},!1)))}(window,document);\n\/\/# sourceURL=https:\/\/mdkoswiecim.pl\/wp-includes\/js\/wp-embed.min.js\n\/* ]]> *\/\n<\/script>\n","thumbnail_url":"https:\/\/mdkoswiecim.pl\/wp-content\/uploads\/2024\/02\/LtmqCeQA.jpg","thumbnail_width":2048,"thumbnail_height":1536,"description":"W czwartek 7 lutego w Pz 6 w Brzeszczach, odby\u0142y si\u0119 przes\u0142uchania w ramach Powiatowego Przegl\u0105du Artystycznego KREATYWNI. Komisja w sk\u0142adzie: El\u017cbieta Wardza\u0142a-Sere\u015b, Ma\u0142gorzata Dom\u017ca\u0142, Kamila Sibik oraz Janusz Majcherek obejrza\u0142a wyst\u0119py sceniczne wokalistek oraz przygotowany przez rodze\u0144stwo artystyczny pokaz zapas\u00f3w. Na scenie zaprezentowali si\u0119 r\u00f3wnie\u017c autorzy prac literackich, kt\u00f3rzy odczytali swoje wiersze oraz fragment [&hellip;]"}