{"version":"1.0","provider_name":"MDK","provider_url":"https:\/\/mdkoswiecim.pl","author_name":"alina.kwarciak","author_url":"https:\/\/mdkoswiecim.pl\/index.php\/author\/alina-kwarciak\/","title":"ZORGANIZUJEMY WYSTAW\u0118 TWOICH PRAC :) - MDK","type":"rich","width":600,"height":338,"html":"<blockquote class=\"wp-embedded-content\" data-secret=\"Qgu2FLWwV6\"><a href=\"https:\/\/mdkoswiecim.pl\/index.php\/2021\/10\/19\/zorganizujemy-wystawe-twoich-prac\/\">ZORGANIZUJEMY WYSTAW\u0118 TWOICH PRAC :)<\/a><\/blockquote><iframe sandbox=\"allow-scripts\" security=\"restricted\" src=\"https:\/\/mdkoswiecim.pl\/index.php\/2021\/10\/19\/zorganizujemy-wystawe-twoich-prac\/embed\/#?secret=Qgu2FLWwV6\" width=\"600\" height=\"338\" title=\"&#8222;ZORGANIZUJEMY WYSTAW\u0118 TWOICH PRAC :)&#8221; &#8212; MDK\" data-secret=\"Qgu2FLWwV6\" frameborder=\"0\" marginwidth=\"0\" marginheight=\"0\" scrolling=\"no\" class=\"wp-embedded-content\"><\/iframe><script type=\"text\/javascript\">\n\/* <![CDATA[ *\/\n\/*! This file is auto-generated *\/\n!function(d,l){\"use strict\";l.querySelector&&d.addEventListener&&\"undefined\"!=typeof URL&&(d.wp=d.wp||{},d.wp.receiveEmbedMessage||(d.wp.receiveEmbedMessage=function(e){var t=e.data;if((t||t.secret||t.message||t.value)&&!\/[^a-zA-Z0-9]\/.test(t.secret)){for(var s,r,n,a=l.querySelectorAll('iframe[data-secret=\"'+t.secret+'\"]'),o=l.querySelectorAll('blockquote[data-secret=\"'+t.secret+'\"]'),c=new RegExp(\"^https?:$\",\"i\"),i=0;i<o.length;i++)o[i].style.display=\"none\";for(i=0;i<a.length;i++)s=a[i],e.source===s.contentWindow&&(s.removeAttribute(\"style\"),\"height\"===t.message?(1e3<(r=parseInt(t.value,10))?r=1e3:~~r<200&&(r=200),s.height=r):\"link\"===t.message&&(r=new URL(s.getAttribute(\"src\")),n=new URL(t.value),c.test(n.protocol))&&n.host===r.host&&l.activeElement===s&&(d.top.location.href=t.value))}},d.addEventListener(\"message\",d.wp.receiveEmbedMessage,!1),l.addEventListener(\"DOMContentLoaded\",function(){for(var e,t,s=l.querySelectorAll(\"iframe.wp-embedded-content\"),r=0;r<s.length;r++)(t=(e=s[r]).getAttribute(\"data-secret\"))||(t=Math.random().toString(36).substring(2,12),e.src+=\"#?secret=\"+t,e.setAttribute(\"data-secret\",t)),e.contentWindow.postMessage({message:\"ready\",secret:t},\"*\")},!1)))}(window,document);\n\/\/# sourceURL=https:\/\/mdkoswiecim.pl\/wp-includes\/js\/wp-embed.min.js\n\/* ]]> *\/\n<\/script>\n","thumbnail_url":"https:\/\/mdkoswiecim.pl\/wp-content\/uploads\/2021\/10\/watercolor-ge9c2d3d7c_1920.jpg","thumbnail_width":1920,"thumbnail_height":1440,"description":"Lubisz malowa\u0107, rysowa\u0107, szkicowa\u0107, zajmujesz si\u0119 fotografi\u0105? A mo\u017ce tworzysz prace przestrzenne? Masz swoich prac bardzo du\u017co i chcia\u0142by\u015b\/chcia\u0142aby\u015b si\u0119 nimi pochwali\u0107? A mo\u017ce jeste\u015b rodzicem zdolnego dziecka w dowolnym wieku i chcia\u0142by\u015b\/chcia\u0142aby\u015b pokaza\u0107 jego tw\u00f3rczo\u015b\u0107? Nasze drzwi stoj\u0105 otworem. Ch\u0119tnie przygotujemy wystaw\u0119 prac ka\u017cdego m\u0142odego cz\u0142owieka w wieku przedszkolnym, szkolnym, jak r\u00f3wnie\u017c student\u00f3w. Zapraszamy [&hellip;]"}